{"id":42,"date":"2013-03-13T18:23:34","date_gmt":"2013-03-13T17:23:34","guid":{"rendered":"http:\/\/www.dulioncharpente.fr\/realisations-charpentes-monuments-historiques\/?page_id=42"},"modified":"2021-12-18T16:32:01","modified_gmt":"2021-12-18T15:32:01","slug":"voutes-lambrissees-en-bois","status":"publish","type":"page","link":"https:\/\/www.dulioncharpente.fr\/realisations-charpentes-monuments-historiques\/voutes-lambrissees-en-bois\/","title":{"rendered":"Vo\u00fbtes lambriss\u00e9es en bois"},"content":{"rendered":"<section class=\"wpb-content-wrapper\"><p>[vc_row][vc_column][vc_column_text]<div id=\"new-royalslider-15\" class=\"royalSlider new-royalslider-15 rsMinW rs-image-gallery\" style=\"width:100%;height:500px;;\" data-rs-options='{&quot;template&quot;:&quot;default&quot;,&quot;image_generation&quot;:{&quot;lazyLoading&quot;:&quot;true&quot;,&quot;imageWidth&quot;:&quot;&quot;,&quot;imageHeight&quot;:&quot;&quot;,&quot;thumbImageWidth&quot;:96,&quot;thumbImageHeight&quot;:72},&quot;thumbs&quot;:{&quot;paddingBottom&quot;:4,&quot;thumbWidth&quot;:96,&quot;thumbHeight&quot;:72,&quot;appendSpan&quot;:&quot;true&quot;},&quot;fullscreen&quot;:{&quot;enabled&quot;:&quot;true&quot;,&quot;nativeFS&quot;:&quot;true&quot;},&quot;block&quot;:{&quot;moveOffset&quot;:20,&quot;speed&quot;:400,&quot;delay&quot;:200},&quot;width&quot;:&quot;100%&quot;,&quot;height&quot;:500,&quot;autoScaleSlider&quot;:&quot;true&quot;,&quot;autoScaleSliderWidth&quot;:960,&quot;autoScaleSliderHeight&quot;:850,&quot;controlNavigation&quot;:&quot;thumbnails&quot;,&quot;arrowsNavHideOnTouch&quot;:&quot;true&quot;,&quot;globalCaption&quot;:&quot;true&quot;,&quot;globalCaptionInside&quot;:&quot;true&quot;,&quot;keyboardNavEnabled&quot;:&quot;true&quot;,&quot;fadeinLoadedSlide&quot;:&quot;false&quot;}'>\n<div class=\"rsContent\">\n  <a class=\"rsImg\" href=\"https:\/\/www.dulioncharpente.fr\/realisations-charpentes-monuments-historiques\/wp-content\/uploads\/\u00c9glise-de-Migennes-1024x768.jpg\" data-rsBigImg=\"https:\/\/www.dulioncharpente.fr\/realisations-charpentes-monuments-historiques\/wp-content\/uploads\/\u00c9glise-de-Migennes.jpg\">\u00c9glise de Migennes<\/a>\n  <div class=\"rsTmb\"><img src=\"https:\/\/www.dulioncharpente.fr\/realisations-charpentes-monuments-historiques\/wp-content\/uploads\/\u00c9glise-de-Migennes-96x72.jpg\" alt=\"\" \/><\/div>\n  \n  \n<\/div>\n<div class=\"rsContent\">\n  <a class=\"rsImg\" href=\"https:\/\/www.dulioncharpente.fr\/realisations-charpentes-monuments-historiques\/wp-content\/uploads\/\u00c9glise-de-Migennes-1-1024x768.jpg\" data-rsBigImg=\"https:\/\/www.dulioncharpente.fr\/realisations-charpentes-monuments-historiques\/wp-content\/uploads\/\u00c9glise-de-Migennes-1.jpg\">\u00c9glise de Migennes<\/a>\n  <div class=\"rsTmb\"><img src=\"https:\/\/www.dulioncharpente.fr\/realisations-charpentes-monuments-historiques\/wp-content\/uploads\/\u00c9glise-de-Migennes-1-96x72.jpg\" alt=\"\" \/><\/div>\n  \n  \n<\/div>\n<div class=\"rsContent\">\n  <a class=\"rsImg\" href=\"https:\/\/www.dulioncharpente.fr\/realisations-charpentes-monuments-historiques\/wp-content\/uploads\/R\u00e9paration-depuis-une-nacelle-dune-vo\u00fbte-lambris\u00e9e-1-768x1024.jpg\" data-rsBigImg=\"https:\/\/www.dulioncharpente.fr\/realisations-charpentes-monuments-historiques\/wp-content\/uploads\/R\u00e9paration-depuis-une-nacelle-dune-vo\u00fbte-lambris\u00e9e-1.jpg\">R\u00e9paration depuis une nacelle d'une vo\u00fbte lambris\u00e9e<\/a>\n  <div class=\"rsTmb\"><img src=\"https:\/\/www.dulioncharpente.fr\/realisations-charpentes-monuments-historiques\/wp-content\/uploads\/R\u00e9paration-depuis-une-nacelle-dune-vo\u00fbte-lambris\u00e9e-1-96x72.jpg\" alt=\"\" \/><\/div>\n  \n  \n<\/div>\n<div class=\"rsContent\">\n  <a class=\"rsImg\" href=\"https:\/\/www.dulioncharpente.fr\/realisations-charpentes-monuments-historiques\/wp-content\/uploads\/Fleury-la-vall\u00e9e-2-1-768x1024.jpg\" data-rsBigImg=\"https:\/\/www.dulioncharpente.fr\/realisations-charpentes-monuments-historiques\/wp-content\/uploads\/Fleury-la-vall\u00e9e-2-1.jpg\">Fleury la vall\u00e9e  (2)<\/a>\n  <div class=\"rsTmb\"><img src=\"https:\/\/www.dulioncharpente.fr\/realisations-charpentes-monuments-historiques\/wp-content\/uploads\/Fleury-la-vall\u00e9e-2-1-96x72.jpg\" alt=\"\" \/><\/div>\n  \n  \n<\/div>\n<div class=\"rsContent\">\n  <a class=\"rsImg\" href=\"https:\/\/www.dulioncharpente.fr\/realisations-charpentes-monuments-historiques\/wp-content\/uploads\/Fleury-la-vall\u00e9e-1-1-768x1024.jpg\" data-rsBigImg=\"https:\/\/www.dulioncharpente.fr\/realisations-charpentes-monuments-historiques\/wp-content\/uploads\/Fleury-la-vall\u00e9e-1-1.jpg\">Fleury la vall\u00e9e  (1)<\/a>\n  <div class=\"rsTmb\"><img src=\"https:\/\/www.dulioncharpente.fr\/realisations-charpentes-monuments-historiques\/wp-content\/uploads\/Fleury-la-vall\u00e9e-1-1-96x72.jpg\" alt=\"\" \/><\/div>\n  \n  \n<\/div>\n<div class=\"rsContent\">\n  <a class=\"rsImg\" href=\"https:\/\/www.dulioncharpente.fr\/realisations-charpentes-monuments-historiques\/wp-content\/uploads\/1201968495pblQ.jpg\" data-rsBigImg=\"https:\/\/www.dulioncharpente.fr\/realisations-charpentes-monuments-historiques\/wp-content\/uploads\/1201968495pblQ.jpg\">Eglise de Lavau<\/a>\n  <div class=\"rsTmb\"><img src=\"https:\/\/www.dulioncharpente.fr\/realisations-charpentes-monuments-historiques\/wp-content\/uploads\/1201968495pblQ-96x72.jpg\" alt=\"\" \/><\/div>\n  \n  \n<\/div>\n<div class=\"rsContent\">\n  <a class=\"rsImg\" href=\"https:\/\/www.dulioncharpente.fr\/realisations-charpentes-monuments-historiques\/wp-content\/uploads\/1201968490P3S6.jpg\" data-rsBigImg=\"https:\/\/www.dulioncharpente.fr\/realisations-charpentes-monuments-historiques\/wp-content\/uploads\/1201968490P3S6.jpg\">La Villotte (\u00e9glise)<\/a>\n  <div class=\"rsTmb\"><img src=\"https:\/\/www.dulioncharpente.fr\/realisations-charpentes-monuments-historiques\/wp-content\/uploads\/1201968490P3S6-96x72.jpg\" alt=\"\" \/><\/div>\n  \n  \n<\/div>\n<div class=\"rsContent\">\n  <a class=\"rsImg\" href=\"https:\/\/www.dulioncharpente.fr\/realisations-charpentes-monuments-historiques\/wp-content\/uploads\/La-Charit\u00e9-sur-Loire.-\u00c9glise-Saint-Pierre-2-768x1024.jpg\" data-rsBigImg=\"https:\/\/www.dulioncharpente.fr\/realisations-charpentes-monuments-historiques\/wp-content\/uploads\/La-Charit\u00e9-sur-Loire.-\u00c9glise-Saint-Pierre-2.jpg\">La Charit\u00e9 sur Loire. \u00c9glise Saint Pierre (2)<\/a>\n  <div class=\"rsTmb\"><img src=\"https:\/\/www.dulioncharpente.fr\/realisations-charpentes-monuments-historiques\/wp-content\/uploads\/La-Charit\u00e9-sur-Loire.-\u00c9glise-Saint-Pierre-2-96x72.jpg\" alt=\"\" \/><\/div>\n  \n  \n<\/div>\n<div class=\"rsContent\">\n  <a class=\"rsImg\" href=\"https:\/\/www.dulioncharpente.fr\/realisations-charpentes-monuments-historiques\/wp-content\/uploads\/Savign\u00e9-l\u00c9v\u00eaque-1-1024x768.jpg\" data-rsBigImg=\"https:\/\/www.dulioncharpente.fr\/realisations-charpentes-monuments-historiques\/wp-content\/uploads\/Savign\u00e9-l\u00c9v\u00eaque-1.jpg\">Savign\u00e9 l'\u00c9v\u00eaque<\/a>\n  <div class=\"rsTmb\"><img src=\"https:\/\/www.dulioncharpente.fr\/realisations-charpentes-monuments-historiques\/wp-content\/uploads\/Savign\u00e9-l\u00c9v\u00eaque-1-96x72.jpg\" alt=\"\" \/><\/div>\n  \n  \n<\/div>\n<div class=\"rsContent\">\n  <a class=\"rsImg\" href=\"https:\/\/www.dulioncharpente.fr\/realisations-charpentes-monuments-historiques\/wp-content\/uploads\/H\u00f4tel-Dieu.-Tonnerre-1-2-768x1024.jpg\" data-rsBigImg=\"https:\/\/www.dulioncharpente.fr\/realisations-charpentes-monuments-historiques\/wp-content\/uploads\/H\u00f4tel-Dieu.-Tonnerre-1-2.jpg\">H\u00f4tel Dieu. Tonnerre (1)<\/a>\n  <div class=\"rsTmb\"><img src=\"https:\/\/www.dulioncharpente.fr\/realisations-charpentes-monuments-historiques\/wp-content\/uploads\/H\u00f4tel-Dieu.-Tonnerre-1-2-96x72.jpg\" alt=\"\" \/><\/div>\n  \n  \n<\/div>\n<div class=\"rsContent\">\n  <a class=\"rsImg\" href=\"https:\/\/www.dulioncharpente.fr\/realisations-charpentes-monuments-historiques\/wp-content\/uploads\/H\u00f4tel-Dieu.-Tonnerre-2-2-768x1024.jpg\" data-rsBigImg=\"https:\/\/www.dulioncharpente.fr\/realisations-charpentes-monuments-historiques\/wp-content\/uploads\/H\u00f4tel-Dieu.-Tonnerre-2-2.jpg\">H\u00f4tel Dieu. Tonnerre (2)<\/a>\n  <div class=\"rsTmb\"><img src=\"https:\/\/www.dulioncharpente.fr\/realisations-charpentes-monuments-historiques\/wp-content\/uploads\/H\u00f4tel-Dieu.-Tonnerre-2-2-96x72.jpg\" alt=\"\" \/><\/div>\n  \n  \n<\/div>\n<div class=\"rsContent\">\n  <a class=\"rsImg\" href=\"https:\/\/www.dulioncharpente.fr\/realisations-charpentes-monuments-historiques\/wp-content\/uploads\/H\u00f4tel-Dieu.-Tonnerre-1-1-768x1024.jpg\" data-rsBigImg=\"https:\/\/www.dulioncharpente.fr\/realisations-charpentes-monuments-historiques\/wp-content\/uploads\/H\u00f4tel-Dieu.-Tonnerre-1-1.jpg\">H\u00f4tel Dieu. Tonnerre (1)<\/a>\n  <div class=\"rsTmb\"><img src=\"https:\/\/www.dulioncharpente.fr\/realisations-charpentes-monuments-historiques\/wp-content\/uploads\/H\u00f4tel-Dieu.-Tonnerre-1-1-96x72.jpg\" alt=\"\" \/><\/div>\n  \n  \n<\/div>\n<div class=\"rsContent\">\n  <a class=\"rsImg\" href=\"https:\/\/www.dulioncharpente.fr\/realisations-charpentes-monuments-historiques\/wp-content\/uploads\/H\u00f4tel-Dieu.-Tonnerre-2-1-1024x768.jpg\" data-rsBigImg=\"https:\/\/www.dulioncharpente.fr\/realisations-charpentes-monuments-historiques\/wp-content\/uploads\/H\u00f4tel-Dieu.-Tonnerre-2-1.jpg\">H\u00f4tel Dieu. Tonnerre (2)<\/a>\n  <div class=\"rsTmb\"><img src=\"https:\/\/www.dulioncharpente.fr\/realisations-charpentes-monuments-historiques\/wp-content\/uploads\/H\u00f4tel-Dieu.-Tonnerre-2-1-96x72.jpg\" alt=\"\" \/><\/div>\n  \n  \n<\/div>\n<div class=\"rsContent\">\n  <a class=\"rsImg\" href=\"https:\/\/www.dulioncharpente.fr\/realisations-charpentes-monuments-historiques\/wp-content\/uploads\/Restauration-et-mise-en-valeur-de-vo\u00fbtes-polychromes-.-Branches-1-768x1024.jpg\" data-rsBigImg=\"https:\/\/www.dulioncharpente.fr\/realisations-charpentes-monuments-historiques\/wp-content\/uploads\/Restauration-et-mise-en-valeur-de-vo\u00fbtes-polychromes-.-Branches-1.jpg\">Restauration et mise en valeur de vo\u00fbtes polychromes . Branches (1)<\/a>\n  <div class=\"rsTmb\"><img src=\"https:\/\/www.dulioncharpente.fr\/realisations-charpentes-monuments-historiques\/wp-content\/uploads\/Restauration-et-mise-en-valeur-de-vo\u00fbtes-polychromes-.-Branches-1-96x72.jpg\" alt=\"\" \/><\/div>\n  \n  \n<\/div>\n<div class=\"rsContent\">\n  <a class=\"rsImg\" href=\"https:\/\/www.dulioncharpente.fr\/realisations-charpentes-monuments-historiques\/wp-content\/uploads\/Restauration-et-mise-en-valeur-de-vo\u00fbtes-polychromes-.-Branches-5-1024x683.jpg\" data-rsBigImg=\"https:\/\/www.dulioncharpente.fr\/realisations-charpentes-monuments-historiques\/wp-content\/uploads\/Restauration-et-mise-en-valeur-de-vo\u00fbtes-polychromes-.-Branches-5.jpg\">Restauration et mise en valeur de vo\u00fbtes polychromes . Branches (5)<\/a>\n  <div class=\"rsTmb\"><img src=\"https:\/\/www.dulioncharpente.fr\/realisations-charpentes-monuments-historiques\/wp-content\/uploads\/Restauration-et-mise-en-valeur-de-vo\u00fbtes-polychromes-.-Branches-5-96x72.jpg\" alt=\"\" \/><\/div>\n  \n  \n<\/div>\n<div class=\"rsContent\">\n  <a class=\"rsImg\" href=\"https:\/\/www.dulioncharpente.fr\/realisations-charpentes-monuments-historiques\/wp-content\/uploads\/La-Charit\u00e9-sur-Loire.-\u00c9glise-Saint-Pierre-1-1024x768.jpg\" data-rsBigImg=\"https:\/\/www.dulioncharpente.fr\/realisations-charpentes-monuments-historiques\/wp-content\/uploads\/La-Charit\u00e9-sur-Loire.-\u00c9glise-Saint-Pierre-1.jpg\">La Charit\u00e9 sur Loire. \u00c9glise Saint Pierre (1)<\/a>\n  <div class=\"rsTmb\"><img src=\"https:\/\/www.dulioncharpente.fr\/realisations-charpentes-monuments-historiques\/wp-content\/uploads\/La-Charit\u00e9-sur-Loire.-\u00c9glise-Saint-Pierre-1-96x72.jpg\" alt=\"\" \/><\/div>\n  \n  \n<\/div>\n<div class=\"rsContent\">\n  <a class=\"rsImg\" href=\"https:\/\/www.dulioncharpente.fr\/realisations-charpentes-monuments-historiques\/wp-content\/uploads\/Restauration-et-mise-en-valeur-de-vo\u00fbtes-polychromes-.-Branches-2-768x1024.jpg\" data-rsBigImg=\"https:\/\/www.dulioncharpente.fr\/realisations-charpentes-monuments-historiques\/wp-content\/uploads\/Restauration-et-mise-en-valeur-de-vo\u00fbtes-polychromes-.-Branches-2.jpg\">Restauration et mise en valeur de vo\u00fbtes polychromes . Branches (2)<\/a>\n  <div class=\"rsTmb\"><img src=\"https:\/\/www.dulioncharpente.fr\/realisations-charpentes-monuments-historiques\/wp-content\/uploads\/Restauration-et-mise-en-valeur-de-vo\u00fbtes-polychromes-.-Branches-2-96x72.jpg\" alt=\"\" \/><\/div>\n  \n  \n<\/div>\n<div class=\"rsContent\">\n  <a class=\"rsImg\" href=\"https:\/\/www.dulioncharpente.fr\/realisations-charpentes-monuments-historiques\/wp-content\/uploads\/1201968499rCIj.jpg\" data-rsBigImg=\"https:\/\/www.dulioncharpente.fr\/realisations-charpentes-monuments-historiques\/wp-content\/uploads\/1201968499rCIj.jpg\">Louesme (\u00e9glise)<\/a>\n  <div class=\"rsTmb\"><img src=\"https:\/\/www.dulioncharpente.fr\/realisations-charpentes-monuments-historiques\/wp-content\/uploads\/1201968499rCIj-96x72.jpg\" alt=\"\" \/><\/div>\n  \n  \n<\/div>\n<div class=\"rsContent\">\n  <a class=\"rsImg\" href=\"https:\/\/www.dulioncharpente.fr\/realisations-charpentes-monuments-historiques\/wp-content\/uploads\/Restauration-et-mise-en-valeur-de-vo\u00fbtes-polychromes-.-Branches-3-1024x768.jpg\" data-rsBigImg=\"https:\/\/www.dulioncharpente.fr\/realisations-charpentes-monuments-historiques\/wp-content\/uploads\/Restauration-et-mise-en-valeur-de-vo\u00fbtes-polychromes-.-Branches-3.jpg\">Restauration et mise en valeur de vo\u00fbtes polychromes . Branches (3)<\/a>\n  <div class=\"rsTmb\"><img src=\"https:\/\/www.dulioncharpente.fr\/realisations-charpentes-monuments-historiques\/wp-content\/uploads\/Restauration-et-mise-en-valeur-de-vo\u00fbtes-polychromes-.-Branches-3-96x72.jpg\" alt=\"\" \/><\/div>\n  \n  \n<\/div>\n<div class=\"rsContent\">\n  <a class=\"rsImg\" href=\"https:\/\/www.dulioncharpente.fr\/realisations-charpentes-monuments-historiques\/wp-content\/uploads\/Restauration-et-mise-en-valeur-de-vo\u00fbtes-polychromes-.-Branches-4-1024x683.jpg\" data-rsBigImg=\"https:\/\/www.dulioncharpente.fr\/realisations-charpentes-monuments-historiques\/wp-content\/uploads\/Restauration-et-mise-en-valeur-de-vo\u00fbtes-polychromes-.-Branches-4.jpg\">Restauration et mise en valeur de vo\u00fbtes polychromes . Branches (4)<\/a>\n  <div class=\"rsTmb\"><img src=\"https:\/\/www.dulioncharpente.fr\/realisations-charpentes-monuments-historiques\/wp-content\/uploads\/Restauration-et-mise-en-valeur-de-vo\u00fbtes-polychromes-.-Branches-4-96x72.jpg\" alt=\"\" \/><\/div>\n  \n  \n<\/div>\n<div class=\"rsContent\">\n  <a class=\"rsImg\" href=\"https:\/\/www.dulioncharpente.fr\/realisations-charpentes-monuments-historiques\/wp-content\/uploads\/Restauration-et-mise-en-valeur-de-vo\u00fbtes-polychromes-.-Branches-6-683x1024.jpg\" data-rsBigImg=\"https:\/\/www.dulioncharpente.fr\/realisations-charpentes-monuments-historiques\/wp-content\/uploads\/Restauration-et-mise-en-valeur-de-vo\u00fbtes-polychromes-.-Branches-6.jpg\">Restauration et mise en valeur de vo\u00fbtes polychromes . Branches (6)<\/a>\n  <div class=\"rsTmb\"><img src=\"https:\/\/www.dulioncharpente.fr\/realisations-charpentes-monuments-historiques\/wp-content\/uploads\/Restauration-et-mise-en-valeur-de-vo\u00fbtes-polychromes-.-Branches-6-96x72.jpg\" alt=\"\" \/><\/div>\n  \n  \n<\/div>\n<div class=\"rsContent\">\n  <a class=\"rsImg\" href=\"https:\/\/www.dulioncharpente.fr\/realisations-charpentes-monuments-historiques\/wp-content\/uploads\/1201968503vGJc.jpg\" data-rsBigImg=\"https:\/\/www.dulioncharpente.fr\/realisations-charpentes-monuments-historiques\/wp-content\/uploads\/1201968503vGJc.jpg\">Louesme (\u00e9glise)<\/a>\n  <div class=\"rsTmb\"><img src=\"https:\/\/www.dulioncharpente.fr\/realisations-charpentes-monuments-historiques\/wp-content\/uploads\/1201968503vGJc-96x72.jpg\" alt=\"\" \/><\/div>\n  \n  \n<\/div>\n\n<\/div>\n[\/vc_column_text][\/vc_column][\/vc_row][vc_row][vc_column width=\u00a0\u00bb1\/2&Prime;][vc_column_text css=\u00a0\u00bb.vc_custom_1639841495266{margin-bottom: 10px !important;}\u00a0\u00bb]<\/p>\n<ul>\n<li><strong><a href=\"https:\/\/www.dulioncharpente.fr\/realisations-charpentes-monuments-historiques\/voutes-lambrissees-en-bois\/hotel-dieu-de-tonnerre\/\">H\u00f4tel-Dieu de Tonnerre<\/a><\/strong><\/li>\n<\/ul>\n<p>[\/vc_column_text][\/vc_column][vc_column width=\u00a0\u00bb1\/2&Prime;][vc_column_text css=\u00a0\u00bb.vc_custom_1639841510146{margin-bottom: 10px !important;}\u00a0\u00bb]<\/p>\n<ul>\n<li><strong><a href=\"https:\/\/www.dulioncharpente.fr\/realisations-charpentes-monuments-historiques\/voutes-lambrissees-en-bois\/st-maurice-le-vieil\/\">St-Maurice-le-Vieil<\/a><\/strong><\/li>\n<\/ul>\n<p>[\/vc_column_text][\/vc_column][\/vc_row]<\/p>\n<\/section>","protected":false},"excerpt":{"rendered":"<p>[vc_row][vc_column][vc_column_text][\/vc_column_text][\/vc_column][\/vc_row][vc_row][vc_column width=\u00a0\u00bb1\/2&Prime;][vc_column_text css=\u00a0\u00bb.vc_custom_1639841495266{margin-bottom: 10px !important;}\u00a0\u00bb] H\u00f4tel-Dieu de Tonnerre [\/vc_column_text][\/vc_column][vc_column width=\u00a0\u00bb1\/2&Prime;][vc_column_text css=\u00a0\u00bb.vc_custom_1639841510146{margin-bottom: 10px !important;}\u00a0\u00bb] St-Maurice-le-Vieil [\/vc_column_text][\/vc_column][\/vc_row]<\/p>\n","protected":false},"author":1,"featured_media":0,"parent":0,"menu_order":0,"comment_status":"closed","ping_status":"open","template":"","meta":[],"_links":{"self":[{"href":"https:\/\/www.dulioncharpente.fr\/realisations-charpentes-monuments-historiques\/wp-json\/wp\/v2\/pages\/42"}],"collection":[{"href":"https:\/\/www.dulioncharpente.fr\/realisations-charpentes-monuments-historiques\/wp-json\/wp\/v2\/pages"}],"about":[{"href":"https:\/\/www.dulioncharpente.fr\/realisations-charpentes-monuments-historiques\/wp-json\/wp\/v2\/types\/page"}],"author":[{"embeddable":true,"href":"https:\/\/www.dulioncharpente.fr\/realisations-charpentes-monuments-historiques\/wp-json\/wp\/v2\/users\/1"}],"replies":[{"embeddable":true,"href":"https:\/\/www.dulioncharpente.fr\/realisations-charpentes-monuments-historiques\/wp-json\/wp\/v2\/comments?post=42"}],"version-history":[{"count":7,"href":"https:\/\/www.dulioncharpente.fr\/realisations-charpentes-monuments-historiques\/wp-json\/wp\/v2\/pages\/42\/revisions"}],"predecessor-version":[{"id":1163,"href":"https:\/\/www.dulioncharpente.fr\/realisations-charpentes-monuments-historiques\/wp-json\/wp\/v2\/pages\/42\/revisions\/1163"}],"wp:attachment":[{"href":"https:\/\/www.dulioncharpente.fr\/realisations-charpentes-monuments-historiques\/wp-json\/wp\/v2\/media?parent=42"}],"curies":[{"name":"wp","href":"https:\/\/api.w.org\/{rel}","templated":true}]}}