{"id":30,"date":"2013-03-13T18:20:40","date_gmt":"2013-03-13T17:20:40","guid":{"rendered":"http:\/\/www.dulioncharpente.fr\/realisations-charpentes-monuments-historiques\/?page_id=30"},"modified":"2021-12-18T16:27:50","modified_gmt":"2021-12-18T15:27:50","slug":"planchers-et-plafonds","status":"publish","type":"page","link":"https:\/\/www.dulioncharpente.fr\/realisations-charpentes-monuments-historiques\/planchers-et-plafonds\/","title":{"rendered":"Planchers et plafonds"},"content":{"rendered":"<section class=\"wpb-content-wrapper\"><p>[vc_row][vc_column][vc_column_text]<div id=\"new-royalslider-7\" class=\"royalSlider new-royalslider-7 rsMinW rs-image-gallery\" style=\"width:100%;height:500px;;\" data-rs-options='{&quot;template&quot;:&quot;default&quot;,&quot;image_generation&quot;:{&quot;lazyLoading&quot;:&quot;true&quot;,&quot;imageWidth&quot;:&quot;&quot;,&quot;imageHeight&quot;:&quot;&quot;,&quot;thumbImageWidth&quot;:96,&quot;thumbImageHeight&quot;:72},&quot;thumbs&quot;:{&quot;paddingBottom&quot;:4,&quot;thumbWidth&quot;:96,&quot;thumbHeight&quot;:72,&quot;appendSpan&quot;:&quot;true&quot;},&quot;fullscreen&quot;:{&quot;enabled&quot;:&quot;true&quot;,&quot;nativeFS&quot;:&quot;true&quot;},&quot;block&quot;:{&quot;moveOffset&quot;:20,&quot;speed&quot;:400,&quot;delay&quot;:200},&quot;width&quot;:&quot;100%&quot;,&quot;height&quot;:500,&quot;autoScaleSlider&quot;:&quot;true&quot;,&quot;autoScaleSliderWidth&quot;:960,&quot;autoScaleSliderHeight&quot;:850,&quot;controlNavigation&quot;:&quot;thumbnails&quot;,&quot;arrowsNavHideOnTouch&quot;:&quot;true&quot;,&quot;globalCaption&quot;:&quot;true&quot;,&quot;globalCaptionInside&quot;:&quot;true&quot;,&quot;keyboardNavEnabled&quot;:&quot;true&quot;,&quot;fadeinLoadedSlide&quot;:&quot;false&quot;}'>\n<div class=\"rsContent\">\n  <a class=\"rsImg\" href=\"https:\/\/www.dulioncharpente.fr\/realisations-charpentes-monuments-historiques\/wp-content\/uploads\/1203754631B4Od.jpg\" data-rsBigImg=\"https:\/\/www.dulioncharpente.fr\/realisations-charpentes-monuments-historiques\/wp-content\/uploads\/1203754631B4Od.jpg\">Plafond \u00e0 la fran\u00e7aise en ch\u00eane peint<\/a>\n  <div class=\"rsTmb\"><img src=\"https:\/\/www.dulioncharpente.fr\/realisations-charpentes-monuments-historiques\/wp-content\/uploads\/1203754631B4Od-96x72.jpg\" alt=\"\" \/><\/div>\n  \n  \n<\/div>\n<div class=\"rsContent\">\n  <a class=\"rsImg\" href=\"https:\/\/www.dulioncharpente.fr\/realisations-charpentes-monuments-historiques\/wp-content\/uploads\/1209104423NS1e.jpg\" data-rsBigImg=\"https:\/\/www.dulioncharpente.fr\/realisations-charpentes-monuments-historiques\/wp-content\/uploads\/1209104423NS1e.jpg\">Plafond \u00e0 la fran\u00e7aise en ch\u00eane bross\u00e9 et huil\u00e9<\/a>\n  <div class=\"rsTmb\"><img src=\"https:\/\/www.dulioncharpente.fr\/realisations-charpentes-monuments-historiques\/wp-content\/uploads\/1209104423NS1e-96x72.jpg\" alt=\"\" \/><\/div>\n  \n  \n<\/div>\n<div class=\"rsContent\">\n  <a class=\"rsImg\" href=\"https:\/\/www.dulioncharpente.fr\/realisations-charpentes-monuments-historiques\/wp-content\/uploads\/1203754590fCl4.jpg\" data-rsBigImg=\"https:\/\/www.dulioncharpente.fr\/realisations-charpentes-monuments-historiques\/wp-content\/uploads\/1203754590fCl4.jpg\">Plafond \u00e0 la fran\u00e7aise en ch\u00eane bross\u00e9 et planche chataignier<\/a>\n  <div class=\"rsTmb\"><img src=\"https:\/\/www.dulioncharpente.fr\/realisations-charpentes-monuments-historiques\/wp-content\/uploads\/1203754590fCl4-96x72.jpg\" alt=\"\" \/><\/div>\n  \n  \n<\/div>\n<div class=\"rsContent\">\n  <a class=\"rsImg\" href=\"https:\/\/www.dulioncharpente.fr\/realisations-charpentes-monuments-historiques\/wp-content\/uploads\/1203754556BALN.jpg\" data-rsBigImg=\"https:\/\/www.dulioncharpente.fr\/realisations-charpentes-monuments-historiques\/wp-content\/uploads\/1203754556BALN.jpg\">Plafond \u00e0 la fran\u00e7aise en ch\u00eane bross\u00e9 et huil\u00e9<\/a>\n  <div class=\"rsTmb\"><img src=\"https:\/\/www.dulioncharpente.fr\/realisations-charpentes-monuments-historiques\/wp-content\/uploads\/1203754556BALN-96x72.jpg\" alt=\"\" \/><\/div>\n  \n  \n<\/div>\n<div class=\"rsContent\">\n  <a class=\"rsImg\" href=\"https:\/\/www.dulioncharpente.fr\/realisations-charpentes-monuments-historiques\/wp-content\/uploads\/Restauration-dun-plafond-en-bois-fendu.-V\u00e9zelay-4-1024x768.jpg\" data-rsBigImg=\"https:\/\/www.dulioncharpente.fr\/realisations-charpentes-monuments-historiques\/wp-content\/uploads\/Restauration-dun-plafond-en-bois-fendu.-V\u00e9zelay-4.jpg\">Restauration d'un plafond en bois fendu. V\u00e9zelay (4)<\/a>\n  <div class=\"rsTmb\"><img src=\"https:\/\/www.dulioncharpente.fr\/realisations-charpentes-monuments-historiques\/wp-content\/uploads\/Restauration-dun-plafond-en-bois-fendu.-V\u00e9zelay-4-96x72.jpg\" alt=\"\" \/><\/div>\n  \n  \n<\/div>\n<div class=\"rsContent\">\n  <a class=\"rsImg\" href=\"https:\/\/www.dulioncharpente.fr\/realisations-charpentes-monuments-historiques\/wp-content\/uploads\/Restauration-dun-plafond-en-bois-fendu.-V\u00e9zelay-1-1024x768.jpg\" data-rsBigImg=\"https:\/\/www.dulioncharpente.fr\/realisations-charpentes-monuments-historiques\/wp-content\/uploads\/Restauration-dun-plafond-en-bois-fendu.-V\u00e9zelay-1.jpg\">Restauration d'un plafond en bois fendu. V\u00e9zelay (1)<\/a>\n  <div class=\"rsTmb\"><img src=\"https:\/\/www.dulioncharpente.fr\/realisations-charpentes-monuments-historiques\/wp-content\/uploads\/Restauration-dun-plafond-en-bois-fendu.-V\u00e9zelay-1-96x72.jpg\" alt=\"\" \/><\/div>\n  \n  \n<\/div>\n<div class=\"rsContent\">\n  <a class=\"rsImg\" href=\"https:\/\/www.dulioncharpente.fr\/realisations-charpentes-monuments-historiques\/wp-content\/uploads\/Restauration-dun-plafond-du-XII\u00b0-en-bois-fendu.-Palais-synodal-Auxerre-6-768x1024.jpg\" data-rsBigImg=\"https:\/\/www.dulioncharpente.fr\/realisations-charpentes-monuments-historiques\/wp-content\/uploads\/Restauration-dun-plafond-du-XII\u00b0-en-bois-fendu.-Palais-synodal-Auxerre-6.jpg\">Restauration d'un plafond du XII\u00b0 en bois fendu. Palais synodal Auxerre (6)<\/a>\n  <div class=\"rsTmb\"><img src=\"https:\/\/www.dulioncharpente.fr\/realisations-charpentes-monuments-historiques\/wp-content\/uploads\/Restauration-dun-plafond-du-XII\u00b0-en-bois-fendu.-Palais-synodal-Auxerre-6-96x72.jpg\" alt=\"\" \/><\/div>\n  \n  \n<\/div>\n<div class=\"rsContent\">\n  <a class=\"rsImg\" href=\"https:\/\/www.dulioncharpente.fr\/realisations-charpentes-monuments-historiques\/wp-content\/uploads\/Restauration-dun-plafond-du-XII\u00b0-en-bois-fendu.-Palais-synodal-Auxerre-5-1024x768.jpg\" data-rsBigImg=\"https:\/\/www.dulioncharpente.fr\/realisations-charpentes-monuments-historiques\/wp-content\/uploads\/Restauration-dun-plafond-du-XII\u00b0-en-bois-fendu.-Palais-synodal-Auxerre-5.jpg\">Restauration d'un plafond du XII\u00b0 en bois fendu. Palais synodal Auxerre (5)<\/a>\n  <div class=\"rsTmb\"><img src=\"https:\/\/www.dulioncharpente.fr\/realisations-charpentes-monuments-historiques\/wp-content\/uploads\/Restauration-dun-plafond-du-XII\u00b0-en-bois-fendu.-Palais-synodal-Auxerre-5-96x72.jpg\" alt=\"\" \/><\/div>\n  \n  \n<\/div>\n<div class=\"rsContent\">\n  <a class=\"rsImg\" href=\"https:\/\/www.dulioncharpente.fr\/realisations-charpentes-monuments-historiques\/wp-content\/uploads\/Plancher-pentagonal.-Ch\u00e2teau-de-Maulnes-1-1024x768.jpg\" data-rsBigImg=\"https:\/\/www.dulioncharpente.fr\/realisations-charpentes-monuments-historiques\/wp-content\/uploads\/Plancher-pentagonal.-Ch\u00e2teau-de-Maulnes-1.jpg\">Plancher pentagonal. Ch\u00e2teau de Maulnes  (1)<\/a>\n  <div class=\"rsTmb\"><img src=\"https:\/\/www.dulioncharpente.fr\/realisations-charpentes-monuments-historiques\/wp-content\/uploads\/Plancher-pentagonal.-Ch\u00e2teau-de-Maulnes-1-96x72.jpg\" alt=\"\" \/><\/div>\n  \n  \n<\/div>\n<div class=\"rsContent\">\n  <a class=\"rsImg\" href=\"https:\/\/www.dulioncharpente.fr\/realisations-charpentes-monuments-historiques\/wp-content\/uploads\/Plancher-pentagonal.-Ch\u00e2teau-de-Maulnes-2-1024x768.jpg\" data-rsBigImg=\"https:\/\/www.dulioncharpente.fr\/realisations-charpentes-monuments-historiques\/wp-content\/uploads\/Plancher-pentagonal.-Ch\u00e2teau-de-Maulnes-2.jpg\">Plancher pentagonal. Ch\u00e2teau de Maulnes  (2)<\/a>\n  <div class=\"rsTmb\"><img src=\"https:\/\/www.dulioncharpente.fr\/realisations-charpentes-monuments-historiques\/wp-content\/uploads\/Plancher-pentagonal.-Ch\u00e2teau-de-Maulnes-2-96x72.jpg\" alt=\"\" \/><\/div>\n  \n  \n<\/div>\n<div class=\"rsContent\">\n  <a class=\"rsImg\" href=\"https:\/\/www.dulioncharpente.fr\/realisations-charpentes-monuments-historiques\/wp-content\/uploads\/Plancher-pentagonal.-Ch\u00e2teau-de-Maulnes-3-1024x768.jpg\" data-rsBigImg=\"https:\/\/www.dulioncharpente.fr\/realisations-charpentes-monuments-historiques\/wp-content\/uploads\/Plancher-pentagonal.-Ch\u00e2teau-de-Maulnes-3.jpg\">Plancher pentagonal. Ch\u00e2teau de Maulnes  (3)<\/a>\n  <div class=\"rsTmb\"><img src=\"https:\/\/www.dulioncharpente.fr\/realisations-charpentes-monuments-historiques\/wp-content\/uploads\/Plancher-pentagonal.-Ch\u00e2teau-de-Maulnes-3-96x72.jpg\" alt=\"\" \/><\/div>\n  \n  \n<\/div>\n<div class=\"rsContent\">\n  <a class=\"rsImg\" href=\"https:\/\/www.dulioncharpente.fr\/realisations-charpentes-monuments-historiques\/wp-content\/uploads\/Plafond-\u00e0-la-fran\u00e7aise-.-Ch\u00e2teau-de-Maulnes3-1024x768.jpg\" data-rsBigImg=\"https:\/\/www.dulioncharpente.fr\/realisations-charpentes-monuments-historiques\/wp-content\/uploads\/Plafond-\u00e0-la-fran\u00e7aise-.-Ch\u00e2teau-de-Maulnes3.jpg\">Plafond \u00e0 la fran\u00e7aise . Ch\u00e2teau de Maulnes(3)<\/a>\n  <div class=\"rsTmb\"><img src=\"https:\/\/www.dulioncharpente.fr\/realisations-charpentes-monuments-historiques\/wp-content\/uploads\/Plafond-\u00e0-la-fran\u00e7aise-.-Ch\u00e2teau-de-Maulnes3-96x72.jpg\" alt=\"\" \/><\/div>\n  \n  \n<\/div>\n<div class=\"rsContent\">\n  <a class=\"rsImg\" href=\"https:\/\/www.dulioncharpente.fr\/realisations-charpentes-monuments-historiques\/wp-content\/uploads\/Restauration-de-planchers-Sauvigny-5-1-1024x543.jpg\" data-rsBigImg=\"https:\/\/www.dulioncharpente.fr\/realisations-charpentes-monuments-historiques\/wp-content\/uploads\/Restauration-de-planchers-Sauvigny-5-1.jpg\">Restauration de planchers Sauvigny (5)<\/a>\n  <div class=\"rsTmb\"><img src=\"https:\/\/www.dulioncharpente.fr\/realisations-charpentes-monuments-historiques\/wp-content\/uploads\/Restauration-de-planchers-Sauvigny-5-1-96x72.jpg\" alt=\"\" \/><\/div>\n  \n  \n<\/div>\n<div class=\"rsContent\">\n  <a class=\"rsImg\" href=\"https:\/\/www.dulioncharpente.fr\/realisations-charpentes-monuments-historiques\/wp-content\/uploads\/1209104353ifzN.jpg\" data-rsBigImg=\"https:\/\/www.dulioncharpente.fr\/realisations-charpentes-monuments-historiques\/wp-content\/uploads\/1209104353ifzN.jpg\">Vue de dessus d'un plafond entrevous en ch\u00eane<\/a>\n  <div class=\"rsTmb\"><img src=\"https:\/\/www.dulioncharpente.fr\/realisations-charpentes-monuments-historiques\/wp-content\/uploads\/1209104353ifzN-96x72.jpg\" alt=\"\" \/><\/div>\n  \n  \n<\/div>\n<div class=\"rsContent\">\n  <a class=\"rsImg\" href=\"https:\/\/www.dulioncharpente.fr\/realisations-charpentes-monuments-historiques\/wp-content\/uploads\/1203754914CUQd.jpg\" data-rsBigImg=\"https:\/\/www.dulioncharpente.fr\/realisations-charpentes-monuments-historiques\/wp-content\/uploads\/1203754914CUQd.jpg\">Solives ch\u00eane et entrevous peint<\/a>\n  <div class=\"rsTmb\"><img src=\"https:\/\/www.dulioncharpente.fr\/realisations-charpentes-monuments-historiques\/wp-content\/uploads\/1203754914CUQd-96x72.jpg\" alt=\"\" \/><\/div>\n  \n  \n<\/div>\n<div class=\"rsContent\">\n  <a class=\"rsImg\" href=\"https:\/\/www.dulioncharpente.fr\/realisations-charpentes-monuments-historiques\/wp-content\/uploads\/1203754879nxIl.jpg\" data-rsBigImg=\"https:\/\/www.dulioncharpente.fr\/realisations-charpentes-monuments-historiques\/wp-content\/uploads\/1203754879nxIl.jpg\">Solives ch\u00eane et entrevous ch\u00eane<\/a>\n  <div class=\"rsTmb\"><img src=\"https:\/\/www.dulioncharpente.fr\/realisations-charpentes-monuments-historiques\/wp-content\/uploads\/1203754879nxIl-96x72.jpg\" alt=\"\" \/><\/div>\n  \n  \n<\/div>\n<div class=\"rsContent\">\n  <a class=\"rsImg\" href=\"https:\/\/www.dulioncharpente.fr\/realisations-charpentes-monuments-historiques\/wp-content\/uploads\/1203754573SijI.jpg\" data-rsBigImg=\"https:\/\/www.dulioncharpente.fr\/realisations-charpentes-monuments-historiques\/wp-content\/uploads\/1203754573SijI.jpg\">Plafond \u00e0 la fran\u00e7aise en ch\u00eane bross\u00e9 et huil\u00e9<\/a>\n  <div class=\"rsTmb\"><img src=\"https:\/\/www.dulioncharpente.fr\/realisations-charpentes-monuments-historiques\/wp-content\/uploads\/1203754573SijI-96x72.jpg\" alt=\"\" \/><\/div>\n  \n  \n<\/div>\n<div class=\"rsContent\">\n  <a class=\"rsImg\" href=\"https:\/\/www.dulioncharpente.fr\/realisations-charpentes-monuments-historiques\/wp-content\/uploads\/Restauration-dun-plafond-en-bois-fendu-AVANT.-V\u00e9zelay-2-768x1024.jpg\" data-rsBigImg=\"https:\/\/www.dulioncharpente.fr\/realisations-charpentes-monuments-historiques\/wp-content\/uploads\/Restauration-dun-plafond-en-bois-fendu-AVANT.-V\u00e9zelay-2.jpg\">Restauration d'un plafond en bois fendu AVANT. V\u00e9zelay (2)<\/a>\n  <div class=\"rsTmb\"><img src=\"https:\/\/www.dulioncharpente.fr\/realisations-charpentes-monuments-historiques\/wp-content\/uploads\/Restauration-dun-plafond-en-bois-fendu-AVANT.-V\u00e9zelay-2-96x72.jpg\" alt=\"\" \/><\/div>\n  \n  \n<\/div>\n<div class=\"rsContent\">\n  <a class=\"rsImg\" href=\"https:\/\/www.dulioncharpente.fr\/realisations-charpentes-monuments-historiques\/wp-content\/uploads\/Restauration-dun-plafond-en-bois-fendu-AVANT.-V\u00e9zelay-3-768x1024.jpg\" data-rsBigImg=\"https:\/\/www.dulioncharpente.fr\/realisations-charpentes-monuments-historiques\/wp-content\/uploads\/Restauration-dun-plafond-en-bois-fendu-AVANT.-V\u00e9zelay-3.jpg\">Restauration d'un plafond en bois fendu AVANT. V\u00e9zelay (3)<\/a>\n  <div class=\"rsTmb\"><img src=\"https:\/\/www.dulioncharpente.fr\/realisations-charpentes-monuments-historiques\/wp-content\/uploads\/Restauration-dun-plafond-en-bois-fendu-AVANT.-V\u00e9zelay-3-96x72.jpg\" alt=\"\" \/><\/div>\n  \n  \n<\/div>\n<div class=\"rsContent\">\n  <a class=\"rsImg\" href=\"https:\/\/www.dulioncharpente.fr\/realisations-charpentes-monuments-historiques\/wp-content\/uploads\/Restauration-dun-plafond-en-bois-fendu.-V\u00e9zelay-2-1024x695.jpg\" data-rsBigImg=\"https:\/\/www.dulioncharpente.fr\/realisations-charpentes-monuments-historiques\/wp-content\/uploads\/Restauration-dun-plafond-en-bois-fendu.-V\u00e9zelay-2.jpg\">Restauration d'un plafond en bois fendu. V\u00e9zelay (2)<\/a>\n  <div class=\"rsTmb\"><img src=\"https:\/\/www.dulioncharpente.fr\/realisations-charpentes-monuments-historiques\/wp-content\/uploads\/Restauration-dun-plafond-en-bois-fendu.-V\u00e9zelay-2-96x72.jpg\" alt=\"\" \/><\/div>\n  \n  \n<\/div>\n<div class=\"rsContent\">\n  <a class=\"rsImg\" href=\"https:\/\/www.dulioncharpente.fr\/realisations-charpentes-monuments-historiques\/wp-content\/uploads\/Restauration-dun-plafond-en-bois-fendu.-V\u00e9zelay-3-1024x735.jpg\" data-rsBigImg=\"https:\/\/www.dulioncharpente.fr\/realisations-charpentes-monuments-historiques\/wp-content\/uploads\/Restauration-dun-plafond-en-bois-fendu.-V\u00e9zelay-3.jpg\">Restauration d'un plafond en bois fendu. V\u00e9zelay (3)<\/a>\n  <div class=\"rsTmb\"><img src=\"https:\/\/www.dulioncharpente.fr\/realisations-charpentes-monuments-historiques\/wp-content\/uploads\/Restauration-dun-plafond-en-bois-fendu.-V\u00e9zelay-3-96x72.jpg\" alt=\"\" \/><\/div>\n  \n  \n<\/div>\n<div class=\"rsContent\">\n  <a class=\"rsImg\" href=\"https:\/\/www.dulioncharpente.fr\/realisations-charpentes-monuments-historiques\/wp-content\/uploads\/Restauration-dun-plafond-en-bois-fendu.-V\u00e9zelay-1-1-1024x768.jpg\" data-rsBigImg=\"https:\/\/www.dulioncharpente.fr\/realisations-charpentes-monuments-historiques\/wp-content\/uploads\/Restauration-dun-plafond-en-bois-fendu.-V\u00e9zelay-1-1.jpg\">Restauration d'un plafond en bois fendu. V\u00e9zelay (1)<\/a>\n  <div class=\"rsTmb\"><img src=\"https:\/\/www.dulioncharpente.fr\/realisations-charpentes-monuments-historiques\/wp-content\/uploads\/Restauration-dun-plafond-en-bois-fendu.-V\u00e9zelay-1-1-96x72.jpg\" alt=\"\" \/><\/div>\n  \n  \n<\/div>\n<div class=\"rsContent\">\n  <a class=\"rsImg\" href=\"https:\/\/www.dulioncharpente.fr\/realisations-charpentes-monuments-historiques\/wp-content\/uploads\/Restauration-dun-plafond-en-bois-fendu-AVANT.-V\u00e9zelay-1-768x1024.jpg\" data-rsBigImg=\"https:\/\/www.dulioncharpente.fr\/realisations-charpentes-monuments-historiques\/wp-content\/uploads\/Restauration-dun-plafond-en-bois-fendu-AVANT.-V\u00e9zelay-1.jpg\">Restauration d'un plafond en bois fendu AVANT. V\u00e9zelay (1)<\/a>\n  <div class=\"rsTmb\"><img src=\"https:\/\/www.dulioncharpente.fr\/realisations-charpentes-monuments-historiques\/wp-content\/uploads\/Restauration-dun-plafond-en-bois-fendu-AVANT.-V\u00e9zelay-1-96x72.jpg\" alt=\"\" \/><\/div>\n  \n  \n<\/div>\n<div class=\"rsContent\">\n  <a class=\"rsImg\" href=\"https:\/\/www.dulioncharpente.fr\/realisations-charpentes-monuments-historiques\/wp-content\/uploads\/Restauration-de-planchers-AVANT-Sauvigny-1024x768.jpg\" data-rsBigImg=\"https:\/\/www.dulioncharpente.fr\/realisations-charpentes-monuments-historiques\/wp-content\/uploads\/Restauration-de-planchers-AVANT-Sauvigny.jpg\">Restauration de planchers AVANT Sauvigny<\/a>\n  <div class=\"rsTmb\"><img src=\"https:\/\/www.dulioncharpente.fr\/realisations-charpentes-monuments-historiques\/wp-content\/uploads\/Restauration-de-planchers-AVANT-Sauvigny-96x72.jpg\" alt=\"\" \/><\/div>\n  \n  \n<\/div>\n<div class=\"rsContent\">\n  <a class=\"rsImg\" href=\"https:\/\/www.dulioncharpente.fr\/realisations-charpentes-monuments-historiques\/wp-content\/uploads\/Restauration-de-planchers-Sauvigny-7-1-1024x700.jpg\" data-rsBigImg=\"https:\/\/www.dulioncharpente.fr\/realisations-charpentes-monuments-historiques\/wp-content\/uploads\/Restauration-de-planchers-Sauvigny-7-1.jpg\">Restauration de planchers Sauvigny (7)<\/a>\n  <div class=\"rsTmb\"><img src=\"https:\/\/www.dulioncharpente.fr\/realisations-charpentes-monuments-historiques\/wp-content\/uploads\/Restauration-de-planchers-Sauvigny-7-1-96x72.jpg\" alt=\"\" \/><\/div>\n  \n  \n<\/div>\n<div class=\"rsContent\">\n  <a class=\"rsImg\" href=\"https:\/\/www.dulioncharpente.fr\/realisations-charpentes-monuments-historiques\/wp-content\/uploads\/Plancher.-Forges-de-Buffon-1-1024x676.jpg\" data-rsBigImg=\"https:\/\/www.dulioncharpente.fr\/realisations-charpentes-monuments-historiques\/wp-content\/uploads\/Plancher.-Forges-de-Buffon-1.jpg\">Plancher. Forges de Buffon<\/a>\n  <div class=\"rsTmb\"><img src=\"https:\/\/www.dulioncharpente.fr\/realisations-charpentes-monuments-historiques\/wp-content\/uploads\/Plancher.-Forges-de-Buffon-1-96x72.jpg\" alt=\"\" \/><\/div>\n  \n  \n<\/div>\n<div class=\"rsContent\">\n  <a class=\"rsImg\" href=\"https:\/\/www.dulioncharpente.fr\/realisations-charpentes-monuments-historiques\/wp-content\/uploads\/Restauration-de-planchers-2-1-785x1024.jpg\" data-rsBigImg=\"https:\/\/www.dulioncharpente.fr\/realisations-charpentes-monuments-historiques\/wp-content\/uploads\/Restauration-de-planchers-2-1.jpg\">Restauration de planchers (2)<\/a>\n  <div class=\"rsTmb\"><img src=\"https:\/\/www.dulioncharpente.fr\/realisations-charpentes-monuments-historiques\/wp-content\/uploads\/Restauration-de-planchers-2-1-96x72.jpg\" alt=\"\" \/><\/div>\n  \n  \n<\/div>\n<div class=\"rsContent\">\n  <a class=\"rsImg\" href=\"https:\/\/www.dulioncharpente.fr\/realisations-charpentes-monuments-historiques\/wp-content\/uploads\/Restauration-dun-plafond-du-XII\u00b0-en-bois-fendu.-Palais-synodal-Auxerre-3-1024x535.jpg\" data-rsBigImg=\"https:\/\/www.dulioncharpente.fr\/realisations-charpentes-monuments-historiques\/wp-content\/uploads\/Restauration-dun-plafond-du-XII\u00b0-en-bois-fendu.-Palais-synodal-Auxerre-3.jpg\">Restauration d'un plafond du XII\u00b0 en bois fendu. Palais synodal Auxerre (3)<\/a>\n  <div class=\"rsTmb\"><img src=\"https:\/\/www.dulioncharpente.fr\/realisations-charpentes-monuments-historiques\/wp-content\/uploads\/Restauration-dun-plafond-du-XII\u00b0-en-bois-fendu.-Palais-synodal-Auxerre-3-96x72.jpg\" alt=\"\" \/><\/div>\n  \n  \n<\/div>\n<div class=\"rsContent\">\n  <a class=\"rsImg\" href=\"https:\/\/www.dulioncharpente.fr\/realisations-charpentes-monuments-historiques\/wp-content\/uploads\/Restauration-dun-plafond-du-XII\u00b0-en-bois-fendu.-Palais-synodal-Auxerre-4-1024x768.jpg\" data-rsBigImg=\"https:\/\/www.dulioncharpente.fr\/realisations-charpentes-monuments-historiques\/wp-content\/uploads\/Restauration-dun-plafond-du-XII\u00b0-en-bois-fendu.-Palais-synodal-Auxerre-4.jpg\">Restauration d'un plafond du XII\u00b0 en bois fendu. Palais synodal Auxerre (4)<\/a>\n  <div class=\"rsTmb\"><img src=\"https:\/\/www.dulioncharpente.fr\/realisations-charpentes-monuments-historiques\/wp-content\/uploads\/Restauration-dun-plafond-du-XII\u00b0-en-bois-fendu.-Palais-synodal-Auxerre-4-96x72.jpg\" alt=\"\" \/><\/div>\n  \n  \n<\/div>\n<div class=\"rsContent\">\n  <a class=\"rsImg\" href=\"https:\/\/www.dulioncharpente.fr\/realisations-charpentes-monuments-historiques\/wp-content\/uploads\/Restauration-dun-plafond-du-XII\u00b0-en-bois-fendu.-Palais-synodal-Auxerre-7-1024x768.jpg\" data-rsBigImg=\"https:\/\/www.dulioncharpente.fr\/realisations-charpentes-monuments-historiques\/wp-content\/uploads\/Restauration-dun-plafond-du-XII\u00b0-en-bois-fendu.-Palais-synodal-Auxerre-7.jpg\">Restauration d'un plafond du XII\u00b0 en bois fendu. Palais synodal Auxerre (7)<\/a>\n  <div class=\"rsTmb\"><img src=\"https:\/\/www.dulioncharpente.fr\/realisations-charpentes-monuments-historiques\/wp-content\/uploads\/Restauration-dun-plafond-du-XII\u00b0-en-bois-fendu.-Palais-synodal-Auxerre-7-96x72.jpg\" alt=\"\" \/><\/div>\n  \n  \n<\/div>\n<div class=\"rsContent\">\n  <a class=\"rsImg\" href=\"https:\/\/www.dulioncharpente.fr\/realisations-charpentes-monuments-historiques\/wp-content\/uploads\/Restauration-dun-plafond-du-XII\u00b0-en-bois-fendu.-Palais-synodal-Auxerre-1-768x1024.jpg\" data-rsBigImg=\"https:\/\/www.dulioncharpente.fr\/realisations-charpentes-monuments-historiques\/wp-content\/uploads\/Restauration-dun-plafond-du-XII\u00b0-en-bois-fendu.-Palais-synodal-Auxerre-1.jpg\">Restauration d'un plafond du XII\u00b0 en bois fendu. Palais synodal Auxerre (1)<\/a>\n  <div class=\"rsTmb\"><img src=\"https:\/\/www.dulioncharpente.fr\/realisations-charpentes-monuments-historiques\/wp-content\/uploads\/Restauration-dun-plafond-du-XII\u00b0-en-bois-fendu.-Palais-synodal-Auxerre-1-96x72.jpg\" alt=\"\" \/><\/div>\n  \n  \n<\/div>\n<div class=\"rsContent\">\n  <a class=\"rsImg\" href=\"https:\/\/www.dulioncharpente.fr\/realisations-charpentes-monuments-historiques\/wp-content\/uploads\/Restauration-dun-plafond-du-XII\u00b0-en-bois-fendu.-Palais-synodal-Auxerre-2-1024x775.jpg\" data-rsBigImg=\"https:\/\/www.dulioncharpente.fr\/realisations-charpentes-monuments-historiques\/wp-content\/uploads\/Restauration-dun-plafond-du-XII\u00b0-en-bois-fendu.-Palais-synodal-Auxerre-2.jpg\">Restauration d'un plafond du XII\u00b0 en bois fendu. Palais synodal Auxerre (2)<\/a>\n  <div class=\"rsTmb\"><img src=\"https:\/\/www.dulioncharpente.fr\/realisations-charpentes-monuments-historiques\/wp-content\/uploads\/Restauration-dun-plafond-du-XII\u00b0-en-bois-fendu.-Palais-synodal-Auxerre-2-96x72.jpg\" alt=\"\" \/><\/div>\n  \n  \n<\/div>\n<div class=\"rsContent\">\n  <a class=\"rsImg\" href=\"https:\/\/www.dulioncharpente.fr\/realisations-charpentes-monuments-historiques\/wp-content\/uploads\/Restauration-dun-plafond-en-bois-fendu.-V\u00e9zelay-5-1024x768.jpg\" data-rsBigImg=\"https:\/\/www.dulioncharpente.fr\/realisations-charpentes-monuments-historiques\/wp-content\/uploads\/Restauration-dun-plafond-en-bois-fendu.-V\u00e9zelay-5.jpg\">Restauration d'un plafond en bois fendu. V\u00e9zelay (5)<\/a>\n  <div class=\"rsTmb\"><img src=\"https:\/\/www.dulioncharpente.fr\/realisations-charpentes-monuments-historiques\/wp-content\/uploads\/Restauration-dun-plafond-en-bois-fendu.-V\u00e9zelay-5-96x72.jpg\" alt=\"\" \/><\/div>\n  \n  \n<\/div>\n<div class=\"rsContent\">\n  <a class=\"rsImg\" href=\"https:\/\/www.dulioncharpente.fr\/realisations-charpentes-monuments-historiques\/wp-content\/uploads\/Restauration-de-planchers-5-1-869x1024.jpg\" data-rsBigImg=\"https:\/\/www.dulioncharpente.fr\/realisations-charpentes-monuments-historiques\/wp-content\/uploads\/Restauration-de-planchers-5-1.jpg\">Restauration de planchers (5)<\/a>\n  <div class=\"rsTmb\"><img src=\"https:\/\/www.dulioncharpente.fr\/realisations-charpentes-monuments-historiques\/wp-content\/uploads\/Restauration-de-planchers-5-1-96x72.jpg\" alt=\"\" \/><\/div>\n  \n  \n<\/div>\n<div class=\"rsContent\">\n  <a class=\"rsImg\" href=\"https:\/\/www.dulioncharpente.fr\/realisations-charpentes-monuments-historiques\/wp-content\/uploads\/Restauration-de-planchers-APRES-Sauvigny-1024x768.jpg\" data-rsBigImg=\"https:\/\/www.dulioncharpente.fr\/realisations-charpentes-monuments-historiques\/wp-content\/uploads\/Restauration-de-planchers-APRES-Sauvigny.jpg\">Restauration de planchers APRES Sauvigny<\/a>\n  <div class=\"rsTmb\"><img src=\"https:\/\/www.dulioncharpente.fr\/realisations-charpentes-monuments-historiques\/wp-content\/uploads\/Restauration-de-planchers-APRES-Sauvigny-96x72.jpg\" alt=\"\" \/><\/div>\n  \n  \n<\/div>\n<div class=\"rsContent\">\n  <a class=\"rsImg\" href=\"https:\/\/www.dulioncharpente.fr\/realisations-charpentes-monuments-historiques\/wp-content\/uploads\/Plafond-\u00e0-la-fran\u00e7aise-.-Ch\u00e2teau-de-Maulnes5-768x1024.jpg\" data-rsBigImg=\"https:\/\/www.dulioncharpente.fr\/realisations-charpentes-monuments-historiques\/wp-content\/uploads\/Plafond-\u00e0-la-fran\u00e7aise-.-Ch\u00e2teau-de-Maulnes5.jpg\">Plafond \u00e0 la fran\u00e7aise . Ch\u00e2teau de Maulnes(5)<\/a>\n  <div class=\"rsTmb\"><img src=\"https:\/\/www.dulioncharpente.fr\/realisations-charpentes-monuments-historiques\/wp-content\/uploads\/Plafond-\u00e0-la-fran\u00e7aise-.-Ch\u00e2teau-de-Maulnes5-96x72.jpg\" alt=\"\" \/><\/div>\n  \n  \n<\/div>\n<div class=\"rsContent\">\n  <a class=\"rsImg\" href=\"https:\/\/www.dulioncharpente.fr\/realisations-charpentes-monuments-historiques\/wp-content\/uploads\/Plafond-\u00e0-la-fran\u00e7aise-.-Ch\u00e2teau-de-Maulnes6-1024x768.jpg\" data-rsBigImg=\"https:\/\/www.dulioncharpente.fr\/realisations-charpentes-monuments-historiques\/wp-content\/uploads\/Plafond-\u00e0-la-fran\u00e7aise-.-Ch\u00e2teau-de-Maulnes6.jpg\">Plafond \u00e0 la fran\u00e7aise . Ch\u00e2teau de Maulnes(6)<\/a>\n  <div class=\"rsTmb\"><img src=\"https:\/\/www.dulioncharpente.fr\/realisations-charpentes-monuments-historiques\/wp-content\/uploads\/Plafond-\u00e0-la-fran\u00e7aise-.-Ch\u00e2teau-de-Maulnes6-96x72.jpg\" alt=\"\" \/><\/div>\n  \n  \n<\/div>\n<div class=\"rsContent\">\n  <a class=\"rsImg\" href=\"https:\/\/www.dulioncharpente.fr\/realisations-charpentes-monuments-historiques\/wp-content\/uploads\/Plafond-\u00e0-la-fran\u00e7aise-.-Ch\u00e2teau-de-Maulnes1-1024x768.jpg\" data-rsBigImg=\"https:\/\/www.dulioncharpente.fr\/realisations-charpentes-monuments-historiques\/wp-content\/uploads\/Plafond-\u00e0-la-fran\u00e7aise-.-Ch\u00e2teau-de-Maulnes1.jpg\">Plafond \u00e0 la fran\u00e7aise . Ch\u00e2teau de Maulnes(1)<\/a>\n  <div class=\"rsTmb\"><img src=\"https:\/\/www.dulioncharpente.fr\/realisations-charpentes-monuments-historiques\/wp-content\/uploads\/Plafond-\u00e0-la-fran\u00e7aise-.-Ch\u00e2teau-de-Maulnes1-96x72.jpg\" alt=\"\" \/><\/div>\n  \n  \n<\/div>\n<div class=\"rsContent\">\n  <a class=\"rsImg\" href=\"https:\/\/www.dulioncharpente.fr\/realisations-charpentes-monuments-historiques\/wp-content\/uploads\/Plafond-\u00e0-la-fran\u00e7aise-.-Ch\u00e2teau-de-Maulnes2-1024x768.jpg\" data-rsBigImg=\"https:\/\/www.dulioncharpente.fr\/realisations-charpentes-monuments-historiques\/wp-content\/uploads\/Plafond-\u00e0-la-fran\u00e7aise-.-Ch\u00e2teau-de-Maulnes2.jpg\">Plafond \u00e0 la fran\u00e7aise . Ch\u00e2teau de Maulnes(2)<\/a>\n  <div class=\"rsTmb\"><img src=\"https:\/\/www.dulioncharpente.fr\/realisations-charpentes-monuments-historiques\/wp-content\/uploads\/Plafond-\u00e0-la-fran\u00e7aise-.-Ch\u00e2teau-de-Maulnes2-96x72.jpg\" alt=\"\" \/><\/div>\n  \n  \n<\/div>\n<div class=\"rsContent\">\n  <a class=\"rsImg\" href=\"https:\/\/www.dulioncharpente.fr\/realisations-charpentes-monuments-historiques\/wp-content\/uploads\/Plafond-\u00e0-la-fran\u00e7aise-.-Ch\u00e2teau-de-Maulnes4-1024x768.jpg\" data-rsBigImg=\"https:\/\/www.dulioncharpente.fr\/realisations-charpentes-monuments-historiques\/wp-content\/uploads\/Plafond-\u00e0-la-fran\u00e7aise-.-Ch\u00e2teau-de-Maulnes4.jpg\">Plafond \u00e0 la fran\u00e7aise . Ch\u00e2teau de Maulnes(4)<\/a>\n  <div class=\"rsTmb\"><img src=\"https:\/\/www.dulioncharpente.fr\/realisations-charpentes-monuments-historiques\/wp-content\/uploads\/Plafond-\u00e0-la-fran\u00e7aise-.-Ch\u00e2teau-de-Maulnes4-96x72.jpg\" alt=\"\" \/><\/div>\n  \n  \n<\/div>\n\n<\/div>\n[\/vc_column_text][vc_row_inner][vc_column_inner width=\u00a0\u00bb1\/2&Prime;][vc_column_text css=\u00a0\u00bb.vc_custom_1639841267659{margin-bottom: 10px !important;}\u00a0\u00bb]<\/p>\n<ul>\n<li><strong><a href=\"https:\/\/www.dulioncharpente.fr\/realisations-charpentes-monuments-historiques\/planchers-et-plafonds\/plafonds-a-la-francaise\/\">Plafonds \u00e0 la fran\u00e7aise<\/a><\/strong><\/li>\n<li><strong style=\"line-height: 19px;\"><a href=\"https:\/\/www.dulioncharpente.fr\/realisations-charpentes-monuments-historiques\/planchers-et-plafonds\/plafonds-a-decors\/\">Plafonds \u00e0 d\u00e9cors peints<\/a><\/strong><\/li>\n<\/ul>\n<p>[\/vc_column_text][\/vc_column_inner][vc_column_inner width=\u00a0\u00bb1\/2&Prime;][vc_column_text]<\/p>\n<ul>\n<li><strong style=\"line-height: 19px;\"><a href=\"https:\/\/www.dulioncharpente.fr\/realisations-charpentes-monuments-historiques\/planchers-et-plafonds\/restauration-de-planchers\/\">Restauration de planchers<\/a><\/strong><\/li>\n<li><strong style=\"line-height: 19px;\"><a href=\"https:\/\/www.dulioncharpente.fr\/realisations-charpentes-monuments-historiques\/planchers-et-plafonds\/planchers-neufs\/\">Planchers neufs<\/a><\/strong><\/li>\n<\/ul>\n<p>[\/vc_column_text][\/vc_column_inner][\/vc_row_inner][\/vc_column][\/vc_row]<\/p>\n<\/section>","protected":false},"excerpt":{"rendered":"<p>[vc_row][vc_column][vc_column_text][\/vc_column_text][vc_row_inner][vc_column_inner width=\u00a0\u00bb1\/2&Prime;][vc_column_text css=\u00a0\u00bb.vc_custom_1639841267659{margin-bottom: 10px !important;}\u00a0\u00bb] Plafonds \u00e0 la fran\u00e7aise Plafonds \u00e0 d\u00e9cors peints [\/vc_column_text][\/vc_column_inner][vc_column_inner width=\u00a0\u00bb1\/2&Prime;][vc_column_text] Restauration de planchers Planchers neufs [\/vc_column_text][\/vc_column_inner][\/vc_row_inner][\/vc_column][\/vc_row]<\/p>\n","protected":false},"author":1,"featured_media":0,"parent":0,"menu_order":0,"comment_status":"closed","ping_status":"open","template":"","meta":[],"_links":{"self":[{"href":"https:\/\/www.dulioncharpente.fr\/realisations-charpentes-monuments-historiques\/wp-json\/wp\/v2\/pages\/30"}],"collection":[{"href":"https:\/\/www.dulioncharpente.fr\/realisations-charpentes-monuments-historiques\/wp-json\/wp\/v2\/pages"}],"about":[{"href":"https:\/\/www.dulioncharpente.fr\/realisations-charpentes-monuments-historiques\/wp-json\/wp\/v2\/types\/page"}],"author":[{"embeddable":true,"href":"https:\/\/www.dulioncharpente.fr\/realisations-charpentes-monuments-historiques\/wp-json\/wp\/v2\/users\/1"}],"replies":[{"embeddable":true,"href":"https:\/\/www.dulioncharpente.fr\/realisations-charpentes-monuments-historiques\/wp-json\/wp\/v2\/comments?post=30"}],"version-history":[{"count":7,"href":"https:\/\/www.dulioncharpente.fr\/realisations-charpentes-monuments-historiques\/wp-json\/wp\/v2\/pages\/30\/revisions"}],"predecessor-version":[{"id":1160,"href":"https:\/\/www.dulioncharpente.fr\/realisations-charpentes-monuments-historiques\/wp-json\/wp\/v2\/pages\/30\/revisions\/1160"}],"wp:attachment":[{"href":"https:\/\/www.dulioncharpente.fr\/realisations-charpentes-monuments-historiques\/wp-json\/wp\/v2\/media?parent=30"}],"curies":[{"name":"wp","href":"https:\/\/api.w.org\/{rel}","templated":true}]}}