{"id":129,"date":"2013-03-14T16:33:29","date_gmt":"2013-03-14T15:33:29","guid":{"rendered":"http:\/\/www.dulioncharpente.fr\/realisations-charpentes-monuments-historiques\/?page_id=129"},"modified":"2021-12-18T16:47:21","modified_gmt":"2021-12-18T15:47:21","slug":"restauration-de-planchers","status":"publish","type":"page","link":"https:\/\/www.dulioncharpente.fr\/realisations-charpentes-monuments-historiques\/planchers-et-plafonds\/restauration-de-planchers\/","title":{"rendered":"Restauration de planchers"},"content":{"rendered":"<section class=\"wpb-content-wrapper\"><p>[vc_row][vc_column][vc_column_text]<div id=\"new-royalslider-10\" class=\"royalSlider new-royalslider-10 rsMinW rs-image-gallery\" style=\"width:100%;height:500px;;\" data-rs-options='{&quot;template&quot;:&quot;default&quot;,&quot;image_generation&quot;:{&quot;lazyLoading&quot;:&quot;true&quot;,&quot;imageWidth&quot;:&quot;&quot;,&quot;imageHeight&quot;:&quot;&quot;,&quot;thumbImageWidth&quot;:96,&quot;thumbImageHeight&quot;:72},&quot;thumbs&quot;:{&quot;paddingBottom&quot;:4,&quot;thumbWidth&quot;:96,&quot;thumbHeight&quot;:72,&quot;appendSpan&quot;:&quot;true&quot;},&quot;fullscreen&quot;:{&quot;enabled&quot;:&quot;true&quot;,&quot;nativeFS&quot;:&quot;true&quot;},&quot;video&quot;:{&quot;vimeoCode&quot;:&quot;&lt;iframe src=\\&quot;http:\\\/\\\/player.vimeo.com\\\/video\\\/%id%?byline=0&amp;portrait=0&amp;autoplay=1\\&quot; frameborder=\\&quot;no\\&quot; webkitAllowFullScreen mozallowfullscreen allowFullScreen&gt;&lt;\\\/iframe&gt;&quot;},&quot;block&quot;:{&quot;moveOffset&quot;:20,&quot;speed&quot;:400,&quot;delay&quot;:200},&quot;width&quot;:&quot;100%&quot;,&quot;height&quot;:500,&quot;autoScaleSlider&quot;:&quot;true&quot;,&quot;autoScaleSliderWidth&quot;:960,&quot;autoScaleSliderHeight&quot;:850,&quot;controlNavigation&quot;:&quot;thumbnails&quot;,&quot;arrowsNavHideOnTouch&quot;:&quot;true&quot;,&quot;globalCaption&quot;:&quot;true&quot;,&quot;globalCaptionInside&quot;:&quot;true&quot;,&quot;keyboardNavEnabled&quot;:&quot;true&quot;,&quot;fadeinLoadedSlide&quot;:&quot;false&quot;}'>\n<div class=\"rsContent\">\n  <a class=\"rsImg\" href=\"https:\/\/www.dulioncharpente.fr\/realisations-charpentes-monuments-historiques\/wp-content\/uploads\/12037550313qkJ.jpg\" data-rsBigImg=\"https:\/\/www.dulioncharpente.fr\/realisations-charpentes-monuments-historiques\/wp-content\/uploads\/12037550313qkJ.jpg\">Restauration d'un plancher, solives et planche chataignier<\/a>\n  <div class=\"rsTmb\"><img src=\"https:\/\/www.dulioncharpente.fr\/realisations-charpentes-monuments-historiques\/wp-content\/uploads\/12037550313qkJ-96x72.jpg\" alt=\"\" \/><\/div>\n  \n  \n<\/div>\n<div class=\"rsContent\">\n  <a class=\"rsImg\" href=\"https:\/\/www.dulioncharpente.fr\/realisations-charpentes-monuments-historiques\/wp-content\/uploads\/1203754947AI28.jpg\" data-rsBigImg=\"https:\/\/www.dulioncharpente.fr\/realisations-charpentes-monuments-historiques\/wp-content\/uploads\/1203754947AI28.jpg\">Restauration plafond \u00e0 la fran\u00e7aise en ch\u00eane \u00e0 d\u00e9cor<\/a>\n  <div class=\"rsTmb\"><img src=\"https:\/\/www.dulioncharpente.fr\/realisations-charpentes-monuments-historiques\/wp-content\/uploads\/1203754947AI28-96x72.jpg\" alt=\"\" \/><\/div>\n  \n  \n<\/div>\n<div class=\"rsContent\">\n  <a class=\"rsImg\" href=\"https:\/\/www.dulioncharpente.fr\/realisations-charpentes-monuments-historiques\/wp-content\/uploads\/Restauration-de-planchers-Sauvigny-3-1024x768.jpg\" data-rsBigImg=\"https:\/\/www.dulioncharpente.fr\/realisations-charpentes-monuments-historiques\/wp-content\/uploads\/Restauration-de-planchers-Sauvigny-3.jpg\">Restauration de planchers Sauvigny (3)<\/a>\n  <div class=\"rsTmb\"><img src=\"https:\/\/www.dulioncharpente.fr\/realisations-charpentes-monuments-historiques\/wp-content\/uploads\/Restauration-de-planchers-Sauvigny-3-96x72.jpg\" alt=\"\" \/><\/div>\n  \n  \n<\/div>\n<div class=\"rsContent\">\n  <a class=\"rsImg\" href=\"https:\/\/www.dulioncharpente.fr\/realisations-charpentes-monuments-historiques\/wp-content\/uploads\/Plancher.-Forges-de-Buffon-1024x676.jpg\" data-rsBigImg=\"https:\/\/www.dulioncharpente.fr\/realisations-charpentes-monuments-historiques\/wp-content\/uploads\/Plancher.-Forges-de-Buffon.jpg\">Plancher. Forges de Buffon<\/a>\n  <div class=\"rsTmb\"><img src=\"https:\/\/www.dulioncharpente.fr\/realisations-charpentes-monuments-historiques\/wp-content\/uploads\/Plancher.-Forges-de-Buffon-96x72.jpg\" alt=\"\" \/><\/div>\n  \n  \n<\/div>\n<div class=\"rsContent\">\n  <a class=\"rsImg\" href=\"https:\/\/www.dulioncharpente.fr\/realisations-charpentes-monuments-historiques\/wp-content\/uploads\/Restauration-de-planchers-Sauvigny-4-1024x768.jpg\" data-rsBigImg=\"https:\/\/www.dulioncharpente.fr\/realisations-charpentes-monuments-historiques\/wp-content\/uploads\/Restauration-de-planchers-Sauvigny-4.jpg\">Restauration de planchers Sauvigny (4)<\/a>\n  <div class=\"rsTmb\"><img src=\"https:\/\/www.dulioncharpente.fr\/realisations-charpentes-monuments-historiques\/wp-content\/uploads\/Restauration-de-planchers-Sauvigny-4-96x72.jpg\" alt=\"\" \/><\/div>\n  \n  \n<\/div>\n<div class=\"rsContent\">\n  <a class=\"rsImg\" href=\"https:\/\/www.dulioncharpente.fr\/realisations-charpentes-monuments-historiques\/wp-content\/uploads\/1203754609c5tj.jpg\" data-rsBigImg=\"https:\/\/www.dulioncharpente.fr\/realisations-charpentes-monuments-historiques\/wp-content\/uploads\/1203754609c5tj.jpg\">D\u00e9tail poutre et solives<\/a>\n  <div class=\"rsTmb\"><img src=\"https:\/\/www.dulioncharpente.fr\/realisations-charpentes-monuments-historiques\/wp-content\/uploads\/1203754609c5tj-96x72.jpg\" alt=\"\" \/><\/div>\n  \n  \n<\/div>\n<div class=\"rsContent\">\n  <a class=\"rsImg\" href=\"https:\/\/www.dulioncharpente.fr\/realisations-charpentes-monuments-historiques\/wp-content\/uploads\/1203754639Nj2O.jpg\" data-rsBigImg=\"https:\/\/www.dulioncharpente.fr\/realisations-charpentes-monuments-historiques\/wp-content\/uploads\/1203754639Nj2O.jpg\">Restauration d'un plancher, solives et planche chataignier<\/a>\n  <div class=\"rsTmb\"><img src=\"https:\/\/www.dulioncharpente.fr\/realisations-charpentes-monuments-historiques\/wp-content\/uploads\/1203754639Nj2O-96x72.jpg\" alt=\"\" \/><\/div>\n  \n  \n<\/div>\n<div class=\"rsContent\">\n  <a class=\"rsImg\" href=\"https:\/\/www.dulioncharpente.fr\/realisations-charpentes-monuments-historiques\/wp-content\/uploads\/1203754619KHMG.jpg\" data-rsBigImg=\"https:\/\/www.dulioncharpente.fr\/realisations-charpentes-monuments-historiques\/wp-content\/uploads\/1203754619KHMG.jpg\">Solives ch\u00eane et entrevous peint<\/a>\n  <div class=\"rsTmb\"><img src=\"https:\/\/www.dulioncharpente.fr\/realisations-charpentes-monuments-historiques\/wp-content\/uploads\/1203754619KHMG-96x72.jpg\" alt=\"\" \/><\/div>\n  \n  \n<\/div>\n<div class=\"rsContent\">\n  <a class=\"rsImg\" href=\"https:\/\/www.dulioncharpente.fr\/realisations-charpentes-monuments-historiques\/wp-content\/uploads\/1203754833KQKs.jpg\" data-rsBigImg=\"https:\/\/www.dulioncharpente.fr\/realisations-charpentes-monuments-historiques\/wp-content\/uploads\/1203754833KQKs.jpg\">Solives contre-coll\u00e9 et entrevous peint<\/a>\n  <div class=\"rsTmb\"><img src=\"https:\/\/www.dulioncharpente.fr\/realisations-charpentes-monuments-historiques\/wp-content\/uploads\/1203754833KQKs-96x72.jpg\" alt=\"\" \/><\/div>\n  \n  \n<\/div>\n<div class=\"rsContent\">\n  <a class=\"rsImg\" href=\"https:\/\/www.dulioncharpente.fr\/realisations-charpentes-monuments-historiques\/wp-content\/uploads\/Restauration-de-planchers-Sauvigny-6-1024x474.jpg\" data-rsBigImg=\"https:\/\/www.dulioncharpente.fr\/realisations-charpentes-monuments-historiques\/wp-content\/uploads\/Restauration-de-planchers-Sauvigny-6.jpg\">Restauration de planchers Sauvigny (6)<\/a>\n  <div class=\"rsTmb\"><img src=\"https:\/\/www.dulioncharpente.fr\/realisations-charpentes-monuments-historiques\/wp-content\/uploads\/Restauration-de-planchers-Sauvigny-6-96x72.jpg\" alt=\"\" \/><\/div>\n  \n  \n<\/div>\n<div class=\"rsContent\">\n  <a class=\"rsImg\" href=\"https:\/\/www.dulioncharpente.fr\/realisations-charpentes-monuments-historiques\/wp-content\/uploads\/Restauration-de-planchers-Sauvigny-7-1024x700.jpg\" data-rsBigImg=\"https:\/\/www.dulioncharpente.fr\/realisations-charpentes-monuments-historiques\/wp-content\/uploads\/Restauration-de-planchers-Sauvigny-7.jpg\">Restauration de planchers Sauvigny (7)<\/a>\n  <div class=\"rsTmb\"><img src=\"https:\/\/www.dulioncharpente.fr\/realisations-charpentes-monuments-historiques\/wp-content\/uploads\/Restauration-de-planchers-Sauvigny-7-96x72.jpg\" alt=\"\" \/><\/div>\n  \n  \n<\/div>\n<div class=\"rsContent\">\n  <a class=\"rsImg\" href=\"https:\/\/www.dulioncharpente.fr\/realisations-charpentes-monuments-historiques\/wp-content\/uploads\/Restauration-de-planchers-2-785x1024.jpg\" data-rsBigImg=\"https:\/\/www.dulioncharpente.fr\/realisations-charpentes-monuments-historiques\/wp-content\/uploads\/Restauration-de-planchers-2.jpg\">Restauration de planchers (2)<\/a>\n  <div class=\"rsTmb\"><img src=\"https:\/\/www.dulioncharpente.fr\/realisations-charpentes-monuments-historiques\/wp-content\/uploads\/Restauration-de-planchers-2-96x72.jpg\" alt=\"\" \/><\/div>\n  \n  \n<\/div>\n<div class=\"rsContent\">\n  <a class=\"rsImg\" href=\"https:\/\/www.dulioncharpente.fr\/realisations-charpentes-monuments-historiques\/wp-content\/uploads\/Restauration-de-planchers-3-1024x671.jpg\" data-rsBigImg=\"https:\/\/www.dulioncharpente.fr\/realisations-charpentes-monuments-historiques\/wp-content\/uploads\/Restauration-de-planchers-3.jpg\">Restauration de planchers (3)<\/a>\n  <div class=\"rsTmb\"><img src=\"https:\/\/www.dulioncharpente.fr\/realisations-charpentes-monuments-historiques\/wp-content\/uploads\/Restauration-de-planchers-3-96x72.jpg\" alt=\"\" \/><\/div>\n  \n  \n<\/div>\n<div class=\"rsContent\">\n  <a class=\"rsImg\" href=\"https:\/\/www.dulioncharpente.fr\/realisations-charpentes-monuments-historiques\/wp-content\/uploads\/Restauration-de-planchers-4-1024x745.jpg\" data-rsBigImg=\"https:\/\/www.dulioncharpente.fr\/realisations-charpentes-monuments-historiques\/wp-content\/uploads\/Restauration-de-planchers-4.jpg\">Restauration de planchers (4)<\/a>\n  <div class=\"rsTmb\"><img src=\"https:\/\/www.dulioncharpente.fr\/realisations-charpentes-monuments-historiques\/wp-content\/uploads\/Restauration-de-planchers-4-96x72.jpg\" alt=\"\" \/><\/div>\n  \n  \n<\/div>\n<div class=\"rsContent\">\n  <a class=\"rsImg\" href=\"https:\/\/www.dulioncharpente.fr\/realisations-charpentes-monuments-historiques\/wp-content\/uploads\/Restauration-de-planchers-5-869x1024.jpg\" data-rsBigImg=\"https:\/\/www.dulioncharpente.fr\/realisations-charpentes-monuments-historiques\/wp-content\/uploads\/Restauration-de-planchers-5.jpg\">Restauration de planchers (5)<\/a>\n  <div class=\"rsTmb\"><img src=\"https:\/\/www.dulioncharpente.fr\/realisations-charpentes-monuments-historiques\/wp-content\/uploads\/Restauration-de-planchers-5-96x72.jpg\" alt=\"\" \/><\/div>\n  \n  \n<\/div>\n<div class=\"rsContent\">\n  <a class=\"rsImg\" href=\"https:\/\/www.dulioncharpente.fr\/realisations-charpentes-monuments-historiques\/wp-content\/uploads\/Restauration-de-planchers-Sauvigny-1-1024x768.jpg\" data-rsBigImg=\"https:\/\/www.dulioncharpente.fr\/realisations-charpentes-monuments-historiques\/wp-content\/uploads\/Restauration-de-planchers-Sauvigny-1.jpg\">Restauration de planchers Sauvigny (1)<\/a>\n  <div class=\"rsTmb\"><img src=\"https:\/\/www.dulioncharpente.fr\/realisations-charpentes-monuments-historiques\/wp-content\/uploads\/Restauration-de-planchers-Sauvigny-1-96x72.jpg\" alt=\"\" \/><\/div>\n  \n  \n<\/div>\n<div class=\"rsContent\">\n  <a class=\"rsImg\" href=\"https:\/\/www.dulioncharpente.fr\/realisations-charpentes-monuments-historiques\/wp-content\/uploads\/Restauration-de-planchers-Sauvigny-2-1024x768.jpg\" data-rsBigImg=\"https:\/\/www.dulioncharpente.fr\/realisations-charpentes-monuments-historiques\/wp-content\/uploads\/Restauration-de-planchers-Sauvigny-2.jpg\">Restauration de planchers Sauvigny (2)<\/a>\n  <div class=\"rsTmb\"><img src=\"https:\/\/www.dulioncharpente.fr\/realisations-charpentes-monuments-historiques\/wp-content\/uploads\/Restauration-de-planchers-Sauvigny-2-96x72.jpg\" alt=\"\" \/><\/div>\n  \n  \n<\/div>\n<div class=\"rsContent\">\n  <a class=\"rsImg\" href=\"https:\/\/www.dulioncharpente.fr\/realisations-charpentes-monuments-historiques\/wp-content\/uploads\/Restauration-de-planchers-Sauvigny-5-1024x543.jpg\" data-rsBigImg=\"https:\/\/www.dulioncharpente.fr\/realisations-charpentes-monuments-historiques\/wp-content\/uploads\/Restauration-de-planchers-Sauvigny-5.jpg\">Restauration de planchers Sauvigny (5)<\/a>\n  <div class=\"rsTmb\"><img src=\"https:\/\/www.dulioncharpente.fr\/realisations-charpentes-monuments-historiques\/wp-content\/uploads\/Restauration-de-planchers-Sauvigny-5-96x72.jpg\" alt=\"\" \/><\/div>\n  \n  \n<\/div>\n\n<\/div>\n<p>[\/vc_column_text][vc_row_inner][vc_column_inner width=\u00a0\u00bb1\/2&Prime;][vc_column_text css=\u00a0\u00bb.vc_custom_1639841267659{margin-bottom: 10px !important;}\u00a0\u00bb]<\/p>\n<ul>\n<li><strong><a href=\"https:\/\/www.dulioncharpente.fr\/realisations-charpentes-monuments-historiques\/planchers-et-plafonds\/plafonds-a-la-francaise\/\">Plafonds \u00e0 la fran\u00e7aise<\/a><\/strong><\/li>\n<li><strong style=\"line-height: 19px;\"><a href=\"https:\/\/www.dulioncharpente.fr\/realisations-charpentes-monuments-historiques\/planchers-et-plafonds\/plafonds-a-decors\/\">Plafonds \u00e0 d\u00e9cors peints<\/a><\/strong><\/li>\n<\/ul>\n<p>[\/vc_column_text][\/vc_column_inner][vc_column_inner width=\u00a0\u00bb1\/2&Prime;][vc_column_text]<\/p>\n<ul>\n<li><strong style=\"line-height: 19px;\"><a href=\"https:\/\/www.dulioncharpente.fr\/realisations-charpentes-monuments-historiques\/planchers-et-plafonds\/planchers-neufs\/\">Planchers neufs<\/a><\/strong><\/li>\n<\/ul>\n<p>[\/vc_column_text][\/vc_column_inner][\/vc_row_inner][\/vc_column][\/vc_row]<\/p>\n<\/section>","protected":false},"excerpt":{"rendered":"<p>[vc_row][vc_column][vc_column_text] [\/vc_column_text][vc_row_inner][vc_column_inner width=\u00a0\u00bb1\/2&Prime;][vc_column_text css=\u00a0\u00bb.vc_custom_1639841267659{margin-bottom: 10px !important;}\u00a0\u00bb] Plafonds \u00e0 la fran\u00e7aise Plafonds \u00e0 d\u00e9cors peints [\/vc_column_text][\/vc_column_inner][vc_column_inner width=\u00a0\u00bb1\/2&Prime;][vc_column_text] Planchers neufs [\/vc_column_text][\/vc_column_inner][\/vc_row_inner][\/vc_column][\/vc_row]<\/p>\n","protected":false},"author":1,"featured_media":0,"parent":30,"menu_order":0,"comment_status":"closed","ping_status":"open","template":"","meta":[],"_links":{"self":[{"href":"https:\/\/www.dulioncharpente.fr\/realisations-charpentes-monuments-historiques\/wp-json\/wp\/v2\/pages\/129"}],"collection":[{"href":"https:\/\/www.dulioncharpente.fr\/realisations-charpentes-monuments-historiques\/wp-json\/wp\/v2\/pages"}],"about":[{"href":"https:\/\/www.dulioncharpente.fr\/realisations-charpentes-monuments-historiques\/wp-json\/wp\/v2\/types\/page"}],"author":[{"embeddable":true,"href":"https:\/\/www.dulioncharpente.fr\/realisations-charpentes-monuments-historiques\/wp-json\/wp\/v2\/users\/1"}],"replies":[{"embeddable":true,"href":"https:\/\/www.dulioncharpente.fr\/realisations-charpentes-monuments-historiques\/wp-json\/wp\/v2\/comments?post=129"}],"version-history":[{"count":5,"href":"https:\/\/www.dulioncharpente.fr\/realisations-charpentes-monuments-historiques\/wp-json\/wp\/v2\/pages\/129\/revisions"}],"predecessor-version":[{"id":1177,"href":"https:\/\/www.dulioncharpente.fr\/realisations-charpentes-monuments-historiques\/wp-json\/wp\/v2\/pages\/129\/revisions\/1177"}],"up":[{"embeddable":true,"href":"https:\/\/www.dulioncharpente.fr\/realisations-charpentes-monuments-historiques\/wp-json\/wp\/v2\/pages\/30"}],"wp:attachment":[{"href":"https:\/\/www.dulioncharpente.fr\/realisations-charpentes-monuments-historiques\/wp-json\/wp\/v2\/media?parent=129"}],"curies":[{"name":"wp","href":"https:\/\/api.w.org\/{rel}","templated":true}]}}